{"id":11021,"date":"2018-05-15T15:14:27","date_gmt":"2018-05-15T13:14:27","guid":{"rendered":"https:\/\/cocemfevalencia.org\/transporte-adaptado\/"},"modified":"2026-03-04T08:54:31","modified_gmt":"2026-03-04T07:54:31","slug":"transporte-adaptado","status":"publish","type":"page","link":"https:\/\/cocemfevalencia.org\/es\/transporte-adaptado\/","title":{"rendered":"Transporte adaptado"},"content":{"rendered":"\t\t<div data-elementor-type=\"wp-post\" data-elementor-id=\"11021\" class=\"elementor elementor-11021 elementor-162\" data-elementor-post-type=\"page\">\n\t\t\t\t\t\t<section class=\"elementor-section elementor-top-section elementor-element elementor-element-fc229de elementor-section-boxed elementor-section-height-default elementor-section-height-default\" data-id=\"fc229de\" data-element_type=\"section\" data-e-type=\"section\" data-settings=\"{&quot;background_background&quot;:&quot;classic&quot;,&quot;shape_divider_bottom&quot;:&quot;tilt&quot;}\">\n\t\t\t\t\t<div class=\"elementor-shape elementor-shape-bottom\" aria-hidden=\"true\" data-negative=\"false\">\n\t\t\t<svg xmlns=\"http:\/\/www.w3.org\/2000\/svg\" viewBox=\"0 0 1000 100\" preserveAspectRatio=\"none\">\n\t<path class=\"elementor-shape-fill\" d=\"M0,6V0h1000v100L0,6z\"\/>\n<\/svg>\t\t<\/div>\n\t\t\t\t\t<div class=\"elementor-container elementor-column-gap-default\">\n\t\t\t\t\t<div class=\"elementor-column elementor-col-66 elementor-top-column elementor-element elementor-element-d6f45c4\" data-id=\"d6f45c4\" data-element_type=\"column\" data-e-type=\"column\">\n\t\t\t<div class=\"elementor-widget-wrap elementor-element-populated\">\n\t\t\t\t\t\t<div class=\"elementor-element elementor-element-dd9bfde elementor-widget elementor-widget-heading\" data-id=\"dd9bfde\" data-element_type=\"widget\" data-e-type=\"widget\" data-widget_type=\"heading.default\">\n\t\t\t\t<div class=\"elementor-widget-container\">\n\t\t\t\t\t<h1 class=\"elementor-heading-title elementor-size-default\">Transporte adaptado<\/h1>\t\t\t\t<\/div>\n\t\t\t\t<\/div>\n\t\t\t\t<div class=\"elementor-element elementor-element-69566ec elementor-widget elementor-widget-text-editor\" data-id=\"69566ec\" data-element_type=\"widget\" data-e-type=\"widget\" data-widget_type=\"text-editor.default\">\n\t\t\t\t<div class=\"elementor-widget-container\">\n\t\t\t\t\t\t\t\t\t<p><span style=\"font-weight: 400;\">Desde 2008, prestando un servicio de transporte adaptado con el objetivo de promover la autonom\u00eda personal a personas con discapacidad f\u00edsica\/org\u00e1nica y movilidad reducida, mediante la prestaci\u00f3n de servicios de desplazamiento de acceso y retorno, ofreciendo la posibilidad de realizar de forma independiente aquellas actividades para las que requieran este servicio.<br \/><\/span><\/p>\n\t\t\t\t\t\t\t\t<\/div>\n\t\t\t\t<\/div>\n\t\t\t\t\t<\/div>\n\t\t<\/div>\n\t\t\t\t<div class=\"elementor-column elementor-col-33 elementor-top-column elementor-element elementor-element-c4c272e\" data-id=\"c4c272e\" data-element_type=\"column\" data-e-type=\"column\">\n\t\t\t<div class=\"elementor-widget-wrap elementor-element-populated\">\n\t\t\t\t\t\t<div class=\"elementor-element elementor-element-ab2bc20 elementor-widget elementor-widget-image\" data-id=\"ab2bc20\" data-element_type=\"widget\" data-e-type=\"widget\" data-widget_type=\"image.default\">\n\t\t\t\t<div class=\"elementor-widget-container\">\n\t\t\t\t\t\t\t\t\t\t\t\t\t\t\t<img decoding=\"async\" width=\"181\" height=\"181\" src=\"https:\/\/cocemfevalencia.org\/wp-content\/uploads\/2023\/03\/icocemfe_5.png\" class=\"attachment-full size-full wp-image-9837\" alt=\"Transport\" srcset=\"https:\/\/cocemfevalencia.org\/wp-content\/uploads\/2023\/03\/icocemfe_5.png 181w, https:\/\/cocemfevalencia.org\/wp-content\/uploads\/2023\/03\/icocemfe_5-150x150.png 150w\" sizes=\"(max-width: 181px) 100vw, 181px\" \/>\t\t\t\t\t\t\t\t\t\t\t\t\t\t\t<\/div>\n\t\t\t\t<\/div>\n\t\t\t\t\t<\/div>\n\t\t<\/div>\n\t\t\t\t\t<\/div>\n\t\t<\/section>\n\t\t\t\t<section class=\"elementor-section elementor-top-section elementor-element elementor-element-f1cefc8 elementor-section-content-middle elementor-section-boxed elementor-section-height-default elementor-section-height-default\" data-id=\"f1cefc8\" data-element_type=\"section\" data-e-type=\"section\">\n\t\t\t\t\t\t<div class=\"elementor-container elementor-column-gap-default\">\n\t\t\t\t\t<div class=\"elementor-column elementor-col-50 elementor-top-column elementor-element elementor-element-107fed9\" data-id=\"107fed9\" data-element_type=\"column\" data-e-type=\"column\">\n\t\t\t<div class=\"elementor-widget-wrap elementor-element-populated\">\n\t\t\t\t\t\t<div class=\"elementor-element elementor-element-6e467b1 elementor-widget elementor-widget-heading\" data-id=\"6e467b1\" data-element_type=\"widget\" data-e-type=\"widget\" data-widget_type=\"heading.default\">\n\t\t\t\t<div class=\"elementor-widget-container\">\n\t\t\t\t\t<h3 class=\"elementor-heading-title elementor-size-default\">SERVICIOS DE ACCESO Y RETORNO:<\/h3>\t\t\t\t<\/div>\n\t\t\t\t<\/div>\n\t\t\t\t<div class=\"elementor-element elementor-element-3c67cc5 elementor-widget elementor-widget-text-editor\" data-id=\"3c67cc5\" data-element_type=\"widget\" data-e-type=\"widget\" data-widget_type=\"text-editor.default\">\n\t\t\t\t<div class=\"elementor-widget-container\">\n\t\t\t\t\t\t\t\t\t<ul>\n<li><span style=\"font-weight: 400;\">Centros Educativos y Laborales<\/span><\/li>\n<li><span style=\"font-weight: 400;\">Centros de Salud y Hospitales<\/span><\/li>\n<li><span style=\"font-weight: 400;\">Centros de Rehabilitaci\u00f3n<\/span><\/li>\n<li><span style=\"font-weight: 400;\">Servicios de Promoci\u00f3n de Autonom\u00eda Personal<\/span><\/li>\n<li><span style=\"font-weight: 400;\">Tr\u00e1mites y Gestiones<\/span><\/li>\n<li><span style=\"font-weight: 400;\">Recursos Sociosanitarios<\/span><\/li>\n<li><span style=\"font-weight: 400;\">Actividades de Ocio y Tiempo Libre<\/span><span style=\"font-weight: 400;\"><br \/><\/span><\/li>\n<\/ul>\n\t\t\t\t\t\t\t\t<\/div>\n\t\t\t\t<\/div>\n\t\t\t\t\t<\/div>\n\t\t<\/div>\n\t\t\t\t<div class=\"elementor-column elementor-col-50 elementor-top-column elementor-element elementor-element-0c9caef\" data-id=\"0c9caef\" data-element_type=\"column\" data-e-type=\"column\">\n\t\t\t<div class=\"elementor-widget-wrap elementor-element-populated\">\n\t\t\t\t\t\t<div class=\"elementor-element elementor-element-04c8902 elementor-widget elementor-widget-gallery\" data-id=\"04c8902\" data-element_type=\"widget\" data-e-type=\"widget\" data-settings=\"{&quot;gallery_layout&quot;:&quot;justified&quot;,&quot;ideal_row_height&quot;:{&quot;unit&quot;:&quot;px&quot;,&quot;size&quot;:378,&quot;sizes&quot;:[]},&quot;lazyload&quot;:&quot;yes&quot;,&quot;ideal_row_height_tablet&quot;:{&quot;unit&quot;:&quot;px&quot;,&quot;size&quot;:150,&quot;sizes&quot;:[]},&quot;ideal_row_height_mobile&quot;:{&quot;unit&quot;:&quot;px&quot;,&quot;size&quot;:150,&quot;sizes&quot;:[]},&quot;gap&quot;:{&quot;unit&quot;:&quot;px&quot;,&quot;size&quot;:10,&quot;sizes&quot;:[]},&quot;gap_tablet&quot;:{&quot;unit&quot;:&quot;px&quot;,&quot;size&quot;:10,&quot;sizes&quot;:[]},&quot;gap_mobile&quot;:{&quot;unit&quot;:&quot;px&quot;,&quot;size&quot;:10,&quot;sizes&quot;:[]},&quot;content_hover_animation&quot;:&quot;fade-in&quot;}\" data-widget_type=\"gallery.default\">\n\t\t\t\t<div class=\"elementor-widget-container\">\n\t\t\t\t\t\t\t<div class=\"elementor-gallery__container\">\n\t\t\t\t\t\t\t<div class=\"e-gallery-item elementor-gallery-item elementor-animated-content\">\n\t\t\t\t\t<div class=\"e-gallery-image elementor-gallery-item__image\" data-thumbnail=\"https:\/\/cocemfevalencia.org\/wp-content\/uploads\/2026\/03\/IMG_4886-1-scaled.jpg\" data-width=\"2560\" data-height=\"1920\" aria-label=\"\" role=\"img\" ><\/div>\n\t\t\t\t\t\t\t\t\t\t\t\t\t\t<\/div>\n\t\t\t\t\t<\/div>\n\t\t\t\t\t<\/div>\n\t\t\t\t<\/div>\n\t\t\t\t\t<\/div>\n\t\t<\/div>\n\t\t\t\t\t<\/div>\n\t\t<\/section>\n\t\t\t\t<section class=\"elementor-section elementor-top-section elementor-element elementor-element-37f74c0 elementor-section-boxed elementor-section-height-default elementor-section-height-default\" data-id=\"37f74c0\" data-element_type=\"section\" data-e-type=\"section\">\n\t\t\t\t\t\t<div class=\"elementor-container elementor-column-gap-default\">\n\t\t\t\t\t<div class=\"elementor-column elementor-col-100 elementor-top-column elementor-element elementor-element-033de5b\" data-id=\"033de5b\" data-element_type=\"column\" data-e-type=\"column\">\n\t\t\t<div class=\"elementor-widget-wrap elementor-element-populated\">\n\t\t\t\t\t\t<div class=\"elementor-element elementor-element-57f15c1 elementor-widget elementor-widget-heading\" data-id=\"57f15c1\" data-element_type=\"widget\" data-e-type=\"widget\" data-widget_type=\"heading.default\">\n\t\t\t\t<div class=\"elementor-widget-container\">\n\t\t\t\t\t<h2 class=\"elementor-heading-title elementor-size-default\">LAS CIFRAS DE 2025:<\/h2>\t\t\t\t<\/div>\n\t\t\t\t<\/div>\n\t\t\t\t\t<\/div>\n\t\t<\/div>\n\t\t\t\t\t<\/div>\n\t\t<\/section>\n\t\t\t\t<section class=\"elementor-section elementor-top-section elementor-element elementor-element-b31bd44 elementor-section-content-middle elementor-section-boxed elementor-section-height-default elementor-section-height-default\" data-id=\"b31bd44\" data-element_type=\"section\" data-e-type=\"section\">\n\t\t\t\t\t\t<div class=\"elementor-container elementor-column-gap-default\">\n\t\t\t\t\t<div class=\"elementor-column elementor-col-33 elementor-top-column elementor-element elementor-element-d7b3a05\" data-id=\"d7b3a05\" data-element_type=\"column\" data-e-type=\"column\">\n\t\t\t<div class=\"elementor-widget-wrap elementor-element-populated\">\n\t\t\t\t\t\t<div class=\"elementor-element elementor-element-10ae42e elementor-widget elementor-widget-counter\" data-id=\"10ae42e\" data-element_type=\"widget\" data-e-type=\"widget\" data-widget_type=\"counter.default\">\n\t\t\t\t<div class=\"elementor-widget-container\">\n\t\t\t\t\t\t\t<div class=\"elementor-counter\">\n\t\t\t<div class=\"elementor-counter-title\">personas con discapacidad y movilidad reducida<\/div>\t\t\t<div class=\"elementor-counter-number-wrapper\">\n\t\t\t\t<span class=\"elementor-counter-number-prefix\"><\/span>\n\t\t\t\t<span class=\"elementor-counter-number\" data-duration=\"2000\" data-to-value=\"22\" data-from-value=\"0\">0<\/span>\n\t\t\t\t<span class=\"elementor-counter-number-suffix\"><\/span>\n\t\t\t<\/div>\n\t\t<\/div>\n\t\t\t\t\t\t<\/div>\n\t\t\t\t<\/div>\n\t\t\t\t\t<\/div>\n\t\t<\/div>\n\t\t\t\t<div class=\"elementor-column elementor-col-33 elementor-top-column elementor-element elementor-element-8618248\" data-id=\"8618248\" data-element_type=\"column\" data-e-type=\"column\">\n\t\t\t<div class=\"elementor-widget-wrap elementor-element-populated\">\n\t\t\t\t\t\t<div class=\"elementor-element elementor-element-d3448c8 elementor-widget elementor-widget-counter\" data-id=\"d3448c8\" data-element_type=\"widget\" data-e-type=\"widget\" data-widget_type=\"counter.default\">\n\t\t\t\t<div class=\"elementor-widget-container\">\n\t\t\t\t\t\t\t<div class=\"elementor-counter\">\n\t\t\t<div class=\"elementor-counter-title\">SERVICIOS DE AUTONOM\u00cdA<\/div>\t\t\t<div class=\"elementor-counter-number-wrapper\">\n\t\t\t\t<span class=\"elementor-counter-number-prefix\"><\/span>\n\t\t\t\t<span class=\"elementor-counter-number\" data-duration=\"2000\" data-to-value=\"3464\" data-from-value=\"1000\">1000<\/span>\n\t\t\t\t<span class=\"elementor-counter-number-suffix\"><\/span>\n\t\t\t<\/div>\n\t\t<\/div>\n\t\t\t\t\t\t<\/div>\n\t\t\t\t<\/div>\n\t\t\t\t\t<\/div>\n\t\t<\/div>\n\t\t\t\t<div class=\"elementor-column elementor-col-33 elementor-top-column elementor-element elementor-element-5d78e55\" data-id=\"5d78e55\" data-element_type=\"column\" data-e-type=\"column\">\n\t\t\t<div class=\"elementor-widget-wrap elementor-element-populated\">\n\t\t\t\t\t\t<div class=\"elementor-element elementor-element-5610086 elementor-widget elementor-widget-heading\" data-id=\"5610086\" data-element_type=\"widget\" data-e-type=\"widget\" data-widget_type=\"heading.default\">\n\t\t\t\t<div class=\"elementor-widget-container\">\n\t\t\t\t\t<p class=\"elementor-heading-title elementor-size-default\">EQUIPO HUMANO T\u00c9CNICO:<\/p>\t\t\t\t<\/div>\n\t\t\t\t<\/div>\n\t\t\t\t<div class=\"elementor-element elementor-element-574b88b elementor-widget elementor-widget-heading\" data-id=\"574b88b\" data-element_type=\"widget\" data-e-type=\"widget\" data-widget_type=\"heading.default\">\n\t\t\t\t<div class=\"elementor-widget-container\">\n\t\t\t\t\t<p class=\"elementor-heading-title elementor-size-default\">3 CONDUCTORES Y UNA TRABAJADORA SOCIAL<\/p>\t\t\t\t<\/div>\n\t\t\t\t<\/div>\n\t\t\t\t\t<\/div>\n\t\t<\/div>\n\t\t\t\t\t<\/div>\n\t\t<\/section>\n\t\t\t\t<section class=\"elementor-section elementor-top-section elementor-element elementor-element-17add47 elementor-section-content-top elementor-section-boxed elementor-section-height-default elementor-section-height-default\" data-id=\"17add47\" data-element_type=\"section\" data-e-type=\"section\">\n\t\t\t\t\t\t<div class=\"elementor-container elementor-column-gap-custom\">\n\t\t\t\t\t<div class=\"elementor-column elementor-col-50 elementor-top-column elementor-element elementor-element-e6a257c\" data-id=\"e6a257c\" data-element_type=\"column\" data-e-type=\"column\" data-settings=\"{&quot;background_background&quot;:&quot;classic&quot;}\">\n\t\t\t<div class=\"elementor-widget-wrap elementor-element-populated\">\n\t\t\t\t\t\t<div class=\"elementor-element elementor-element-4b4a3d7 elementor-widget elementor-widget-heading\" data-id=\"4b4a3d7\" data-element_type=\"widget\" data-e-type=\"widget\" data-widget_type=\"heading.default\">\n\t\t\t\t<div class=\"elementor-widget-container\">\n\t\t\t\t\t<h3 class=\"elementor-heading-title elementor-size-default\">A QUI\u00c9N VA DIRIGIDO<\/h3>\t\t\t\t<\/div>\n\t\t\t\t<\/div>\n\t\t\t\t<div class=\"elementor-element elementor-element-f76e3ab elementor-icon-list--layout-traditional elementor-list-item-link-full_width elementor-widget elementor-widget-icon-list\" data-id=\"f76e3ab\" data-element_type=\"widget\" data-e-type=\"widget\" data-widget_type=\"icon-list.default\">\n\t\t\t\t<div class=\"elementor-widget-container\">\n\t\t\t\t\t\t\t<ul class=\"elementor-icon-list-items\">\n\t\t\t\t\t\t\t<li class=\"elementor-icon-list-item\">\n\t\t\t\t\t\t\t\t\t\t\t<span class=\"elementor-icon-list-icon\">\n\t\t\t\t\t\t\t<i aria-hidden=\"true\" class=\"fas fa-map-signs\"><\/i>\t\t\t\t\t\t<\/span>\n\t\t\t\t\t\t\t\t\t\t<span class=\"elementor-icon-list-text\"> Personas con discapacidad f\u00edsica y org\u00e1nica asociadas a las diferentes entidades federadas a COCEMFE Valencia.<\/span>\n\t\t\t\t\t\t\t\t\t<\/li>\n\t\t\t\t\t\t<\/ul>\n\t\t\t\t\t\t<\/div>\n\t\t\t\t<\/div>\n\t\t\t\t<div class=\"elementor-element elementor-element-145aa2d elementor-icon-list--layout-traditional elementor-list-item-link-full_width elementor-widget elementor-widget-icon-list\" data-id=\"145aa2d\" data-element_type=\"widget\" data-e-type=\"widget\" data-widget_type=\"icon-list.default\">\n\t\t\t\t<div class=\"elementor-widget-container\">\n\t\t\t\t\t\t\t<ul class=\"elementor-icon-list-items\">\n\t\t\t\t\t\t\t<li class=\"elementor-icon-list-item\">\n\t\t\t\t\t\t\t\t\t\t\t<span class=\"elementor-icon-list-icon\">\n\t\t\t\t\t\t\t<i aria-hidden=\"true\" class=\"fas fa-map-signs\"><\/i>\t\t\t\t\t\t<\/span>\n\t\t\t\t\t\t\t\t\t\t<span class=\"elementor-icon-list-text\">Personas con movilidad reducida que precisen este tipo de transporte.<\/span>\n\t\t\t\t\t\t\t\t\t<\/li>\n\t\t\t\t\t\t<\/ul>\n\t\t\t\t\t\t<\/div>\n\t\t\t\t<\/div>\n\t\t\t\t\t<\/div>\n\t\t<\/div>\n\t\t\t\t<div class=\"elementor-column elementor-col-50 elementor-top-column elementor-element elementor-element-66c465b\" data-id=\"66c465b\" data-element_type=\"column\" data-e-type=\"column\">\n\t\t\t<div class=\"elementor-widget-wrap elementor-element-populated\">\n\t\t\t\t\t\t<div class=\"elementor-element elementor-element-f8f912d elementor-widget elementor-widget-heading\" data-id=\"f8f912d\" data-element_type=\"widget\" data-e-type=\"widget\" data-widget_type=\"heading.default\">\n\t\t\t\t<div class=\"elementor-widget-container\">\n\t\t\t\t\t<h3 class=\"elementor-heading-title elementor-size-default\">QU\u00c9 OFRECE<\/h3>\t\t\t\t<\/div>\n\t\t\t\t<\/div>\n\t\t\t\t<div class=\"elementor-element elementor-element-98475d5 elementor-icon-list--layout-traditional elementor-list-item-link-full_width elementor-widget elementor-widget-icon-list\" data-id=\"98475d5\" data-element_type=\"widget\" data-e-type=\"widget\" data-widget_type=\"icon-list.default\">\n\t\t\t\t<div class=\"elementor-widget-container\">\n\t\t\t\t\t\t\t<ul class=\"elementor-icon-list-items\">\n\t\t\t\t\t\t\t<li class=\"elementor-icon-list-item\">\n\t\t\t\t\t\t\t\t\t\t\t<span class=\"elementor-icon-list-icon\">\n\t\t\t\t\t\t\t<i aria-hidden=\"true\" class=\"fas fa-map-signs\"><\/i>\t\t\t\t\t\t<\/span>\n\t\t\t\t\t\t\t\t\t\t<span class=\"elementor-icon-list-text\"><strong>Servicios de desplazamientos:<\/strong><\/span>\n\t\t\t\t\t\t\t\t\t<\/li>\n\t\t\t\t\t\t<\/ul>\n\t\t\t\t\t\t<\/div>\n\t\t\t\t<\/div>\n\t\t\t\t<div class=\"elementor-element elementor-element-d6c3650 elementor-widget elementor-widget-text-editor\" data-id=\"d6c3650\" data-element_type=\"widget\" data-e-type=\"widget\" data-widget_type=\"text-editor.default\">\n\t\t\t\t<div class=\"elementor-widget-container\">\n\t\t\t\t\t\t\t\t\t<ul>\n<li><span style=\"font-weight: 400;\">Servicios de acceso y retorno a diferentes centros educativos, formativos y laborales.<\/span><\/li>\n<li><span style=\"font-weight: 400;\">Servicios de acceso y retorno a centros sociosanitarios.<\/span><\/li>\n<li><span style=\"font-weight: 400;\">Servicios de acceso y retorno a centros de promoci\u00f3n de autonom\u00eda personal.<\/span><\/li>\n<li><span style=\"font-weight: 400;\">Servicios de acceso y retorno a tr\u00e1mites y gestiones.<\/span><\/li>\n<li><span style=\"font-weight: 400;\">Servicios de acceso y retorno a centros de rehabilitaci\u00f3n.<\/span><\/li>\n<li><span style=\"font-weight: 400;\">Servicios de acceso y retorno a centros de salud y hospitales.<\/span><\/li>\n<li><span style=\"font-weight: 400;\">Servicios de acceso y retorno a visitas familiares y respiro familiar.<\/span><\/li>\n<li><span style=\"font-weight: 400;\">Servicios de acceso a ocio y tiempo libre.<\/span><span style=\"font-weight: 400;\"><br \/><\/span><\/li>\n<\/ul>\n\t\t\t\t\t\t\t\t<\/div>\n\t\t\t\t<\/div>\n\t\t\t\t\t<\/div>\n\t\t<\/div>\n\t\t\t\t\t<\/div>\n\t\t<\/section>\n\t\t\t\t<section class=\"elementor-section elementor-top-section elementor-element elementor-element-b597528 elementor-section-content-middle elementor-section-boxed elementor-section-height-default elementor-section-height-default\" data-id=\"b597528\" data-element_type=\"section\" data-e-type=\"section\">\n\t\t\t\t\t\t<div class=\"elementor-container elementor-column-gap-default\">\n\t\t\t\t\t<div class=\"elementor-column elementor-col-50 elementor-top-column elementor-element elementor-element-8bbbdf7\" data-id=\"8bbbdf7\" data-element_type=\"column\" data-e-type=\"column\">\n\t\t\t<div class=\"elementor-widget-wrap elementor-element-populated\">\n\t\t\t\t\t\t<section class=\"elementor-section elementor-inner-section elementor-element elementor-element-a627cad elementor-section-boxed elementor-section-height-default elementor-section-height-default\" data-id=\"a627cad\" data-element_type=\"section\" data-e-type=\"section\">\n\t\t\t\t\t\t<div class=\"elementor-container elementor-column-gap-default\">\n\t\t\t\t\t<div class=\"elementor-column elementor-col-100 elementor-inner-column elementor-element elementor-element-39982a2\" data-id=\"39982a2\" data-element_type=\"column\" data-e-type=\"column\">\n\t\t\t<div class=\"elementor-widget-wrap elementor-element-populated\">\n\t\t\t\t\t\t<div class=\"elementor-element elementor-element-f8d7c4c elementor-widget elementor-widget-heading\" data-id=\"f8d7c4c\" data-element_type=\"widget\" data-e-type=\"widget\" data-widget_type=\"heading.default\">\n\t\t\t\t<div class=\"elementor-widget-container\">\n\t\t\t\t\t<h3 class=\"elementor-heading-title elementor-size-default\">C\u00d3MO PUEDO ACCEDER\n<\/h3>\t\t\t\t<\/div>\n\t\t\t\t<\/div>\n\t\t\t\t<div class=\"elementor-element elementor-element-14046ba elementor-icon-list--layout-traditional elementor-list-item-link-full_width elementor-widget elementor-widget-icon-list\" data-id=\"14046ba\" data-element_type=\"widget\" data-e-type=\"widget\" data-widget_type=\"icon-list.default\">\n\t\t\t\t<div class=\"elementor-widget-container\">\n\t\t\t\t\t\t\t<ul class=\"elementor-icon-list-items\">\n\t\t\t\t\t\t\t<li class=\"elementor-icon-list-item\">\n\t\t\t\t\t\t\t\t\t\t\t<span class=\"elementor-icon-list-icon\">\n\t\t\t\t\t\t\t<i aria-hidden=\"true\" class=\"far fa-envelope\"><\/i>\t\t\t\t\t\t<\/span>\n\t\t\t\t\t\t\t\t\t\t<span class=\"elementor-icon-list-text\">Email: <strong>piayuda@cocemfevalencia.org<\/strong><\/span>\n\t\t\t\t\t\t\t\t\t<\/li>\n\t\t\t\t\t\t\t\t<li class=\"elementor-icon-list-item\">\n\t\t\t\t\t\t\t\t\t\t\t<span class=\"elementor-icon-list-icon\">\n\t\t\t\t\t\t\t<i aria-hidden=\"true\" class=\"fas fa-phone\"><\/i>\t\t\t\t\t\t<\/span>\n\t\t\t\t\t\t\t\t\t\t<span class=\"elementor-icon-list-text\">Tel\u00e9fono: <strong>96 383 77 08<\/strong><\/span>\n\t\t\t\t\t\t\t\t\t<\/li>\n\t\t\t\t\t\t\t\t<li class=\"elementor-icon-list-item\">\n\t\t\t\t\t\t\t\t\t\t\t<span class=\"elementor-icon-list-icon\">\n\t\t\t\t\t\t\t<i aria-hidden=\"true\" class=\"fas fa-map-marker-alt\"><\/i>\t\t\t\t\t\t<\/span>\n\t\t\t\t\t\t\t\t\t\t<span class=\"elementor-icon-list-text\">Presencial: <strong>C\/ Torres 12 bajo izq \u2013 Valencia<\/strong> (con cita previa) <\/span>\n\t\t\t\t\t\t\t\t\t<\/li>\n\t\t\t\t\t\t\t\t<li class=\"elementor-icon-list-item\">\n\t\t\t\t\t\t\t\t\t\t\t<span class=\"elementor-icon-list-icon\">\n\t\t\t\t\t\t\t<i aria-hidden=\"true\" class=\"far fa-clock\"><\/i>\t\t\t\t\t\t<\/span>\n\t\t\t\t\t\t\t\t\t\t<span class=\"elementor-icon-list-text\">Horario: <strong>lunes a viernes de 9.00 a 14.00 h<\/strong><\/span>\n\t\t\t\t\t\t\t\t\t<\/li>\n\t\t\t\t\t\t<\/ul>\n\t\t\t\t\t\t<\/div>\n\t\t\t\t<\/div>\n\t\t\t\t\t<\/div>\n\t\t<\/div>\n\t\t\t\t\t<\/div>\n\t\t<\/section>\n\t\t\t\t\t<\/div>\n\t\t<\/div>\n\t\t\t\t<div class=\"elementor-column elementor-col-50 elementor-top-column elementor-element elementor-element-3987949\" data-id=\"3987949\" data-element_type=\"column\" data-e-type=\"column\">\n\t\t\t<div class=\"elementor-widget-wrap elementor-element-populated\">\n\t\t\t\t\t\t<div class=\"elementor-element elementor-element-d9805ea elementor-widget elementor-widget-heading\" data-id=\"d9805ea\" data-element_type=\"widget\" data-e-type=\"widget\" data-widget_type=\"heading.default\">\n\t\t\t\t<div class=\"elementor-widget-container\">\n\t\t\t\t\t<h3 class=\"elementor-heading-title elementor-size-default\">PROGRAMAS VINCULADOS<\/h3>\t\t\t\t<\/div>\n\t\t\t\t<\/div>\n\t\t\t\t<div class=\"elementor-element elementor-element-26d1778 elementor-widget-divider--view-line elementor-widget elementor-widget-divider\" data-id=\"26d1778\" data-element_type=\"widget\" data-e-type=\"widget\" data-widget_type=\"divider.default\">\n\t\t\t\t<div class=\"elementor-widget-container\">\n\t\t\t\t\t\t\t<div class=\"elementor-divider\">\n\t\t\t<span class=\"elementor-divider-separator\">\n\t\t\t\t\t\t<\/span>\n\t\t<\/div>\n\t\t\t\t\t\t<\/div>\n\t\t\t\t<\/div>\n\t\t\t\t<div class=\"elementor-element elementor-element-afbb8aa elementor-widget elementor-widget-text-editor\" data-id=\"afbb8aa\" data-element_type=\"widget\" data-e-type=\"widget\" data-widget_type=\"text-editor.default\">\n\t\t\t\t<div class=\"elementor-widget-container\">\n\t\t\t\t\t\t\t\t\t<p><span style=\"font-weight: 400;\">Programa de Independencia Asistida y Autonom\u00eda Personal a trav\u00e9s del Transporte Adaptado (TAD)<\/span><\/p>\n\t\t\t\t\t\t\t\t<\/div>\n\t\t\t\t<\/div>\n\t\t\t\t<div class=\"elementor-element elementor-element-c75ba4d elementor-widget elementor-widget-image-gallery\" data-id=\"c75ba4d\" data-element_type=\"widget\" data-e-type=\"widget\" data-widget_type=\"image-gallery.default\">\n\t\t\t\t<div class=\"elementor-widget-container\">\n\t\t\t\t\t\t\t<div class=\"elementor-image-gallery\">\n\t\t\t<div id='gallery-1' class='gallery galleryid-11021 gallery-columns-2 gallery-size-full'><figure class='gallery-item'>\n\t\t\t<div class='gallery-icon landscape'>\n\t\t\t\t<a data-elementor-open-lightbox=\"yes\" data-elementor-lightbox-slideshow=\"c75ba4d\" data-elementor-lightbox-title=\"logo azul _Conselleria de Servicios Sociales, Familia e Infancia_pantone293_cast\" data-e-action-hash=\"#elementor-action%3Aaction%3Dlightbox%26settings%3DeyJpZCI6MTczOTQsInVybCI6Imh0dHBzOlwvXC9jb2NlbWZldmFsZW5jaWEub3JnXC93cC1jb250ZW50XC91cGxvYWRzXC8yMDI2XC8wM1wvbG9nby1henVsLV9Db25zZWxsZXJpYS1kZS1TZXJ2aWNpb3MtU29jaWFsZXMtRmFtaWxpYS1lLUluZmFuY2lhX3BhbnRvbmUyOTNfY2FzdC5wbmciLCJzbGlkZXNob3ciOiJjNzViYTRkIn0%3D\" href='https:\/\/cocemfevalencia.org\/wp-content\/uploads\/2026\/03\/logo-azul-_Conselleria-de-Servicios-Sociales-Familia-e-Infancia_pantone293_cast.png'><img fetchpriority=\"high\" decoding=\"async\" width=\"624\" height=\"396\" src=\"https:\/\/cocemfevalencia.org\/wp-content\/uploads\/2026\/03\/logo-azul-_Conselleria-de-Servicios-Sociales-Familia-e-Infancia_pantone293_cast.png\" class=\"attachment-full size-full\" alt=\"\" srcset=\"https:\/\/cocemfevalencia.org\/wp-content\/uploads\/2026\/03\/logo-azul-_Conselleria-de-Servicios-Sociales-Familia-e-Infancia_pantone293_cast.png 624w, https:\/\/cocemfevalencia.org\/wp-content\/uploads\/2026\/03\/logo-azul-_Conselleria-de-Servicios-Sociales-Familia-e-Infancia_pantone293_cast-300x190.png 300w\" sizes=\"(max-width: 624px) 100vw, 624px\" \/><\/a>\n\t\t\t<\/div><\/figure><figure class='gallery-item'>\n\t\t\t<div class='gallery-icon landscape'>\n\t\t\t\t<a data-elementor-open-lightbox=\"yes\" data-elementor-lightbox-slideshow=\"c75ba4d\" data-elementor-lightbox-title=\"DIPUTACI\u00d3N DE VALENCIA\" data-e-action-hash=\"#elementor-action%3Aaction%3Dlightbox%26settings%3DeyJpZCI6MTE5NzYsInVybCI6Imh0dHBzOlwvXC9jb2NlbWZldmFsZW5jaWEub3JnXC93cC1jb250ZW50XC91cGxvYWRzXC8yMDIzXC8wOVwvRElQVVRBQ0lPTi1ERS1WQUxFTkNJQS5wbmciLCJzbGlkZXNob3ciOiJjNzViYTRkIn0%3D\" href='https:\/\/cocemfevalencia.org\/wp-content\/uploads\/2023\/09\/DIPUTACION-DE-VALENCIA.png'><img decoding=\"async\" width=\"850\" height=\"283\" src=\"https:\/\/cocemfevalencia.org\/wp-content\/uploads\/2023\/09\/DIPUTACION-DE-VALENCIA.png\" class=\"attachment-full size-full\" alt=\"\" srcset=\"https:\/\/cocemfevalencia.org\/wp-content\/uploads\/2023\/09\/DIPUTACION-DE-VALENCIA.png 850w, https:\/\/cocemfevalencia.org\/wp-content\/uploads\/2023\/09\/DIPUTACION-DE-VALENCIA-300x100.png 300w, https:\/\/cocemfevalencia.org\/wp-content\/uploads\/2023\/09\/DIPUTACION-DE-VALENCIA-768x256.png 768w\" sizes=\"(max-width: 850px) 100vw, 850px\" \/><\/a>\n\t\t\t<\/div><\/figure>\n\t\t<\/div>\n\t\t<\/div>\n\t\t\t\t\t\t<\/div>\n\t\t\t\t<\/div>\n\t\t\t\t\t<\/div>\n\t\t<\/div>\n\t\t\t\t\t<\/div>\n\t\t<\/section>\n\t\t\t\t<section class=\"elementor-section elementor-top-section elementor-element elementor-element-a28281b elementor-section-full_width elementor-section-height-default elementor-section-height-default\" data-id=\"a28281b\" data-element_type=\"section\" data-e-type=\"section\">\n\t\t\t\t\t\t<div class=\"elementor-container elementor-column-gap-default\">\n\t\t\t\t\t<div class=\"elementor-column elementor-col-100 elementor-top-column elementor-element elementor-element-eac73e6\" data-id=\"eac73e6\" data-element_type=\"column\" data-e-type=\"column\">\n\t\t\t<div class=\"elementor-widget-wrap elementor-element-populated\">\n\t\t\t\t\t\t<div class=\"elementor-element elementor-element-84f69f9 elementor-widget elementor-widget-template\" data-id=\"84f69f9\" data-element_type=\"widget\" data-e-type=\"widget\" data-widget_type=\"template.default\">\n\t\t\t\t<div class=\"elementor-widget-container\">\n\t\t\t\t\t\t\t<div class=\"elementor-template\">\n\t\t\t\t\t<div data-elementor-type=\"section\" data-elementor-id=\"10974\" class=\"elementor elementor-10974 elementor-10232 elementor-10232\" data-elementor-post-type=\"elementor_library\">\n\t\t\t\t\t<section class=\"elementor-section elementor-top-section elementor-element elementor-element-41b106d elementor-section-full_width elementor-section-height-default elementor-section-height-default\" data-id=\"41b106d\" data-element_type=\"section\" data-e-type=\"section\" data-settings=\"{&quot;background_background&quot;:&quot;classic&quot;,&quot;shape_divider_top&quot;:&quot;tilt&quot;}\">\n\t\t\t\t\t<div class=\"elementor-shape elementor-shape-top\" aria-hidden=\"true\" data-negative=\"false\">\n\t\t\t<svg xmlns=\"http:\/\/www.w3.org\/2000\/svg\" viewBox=\"0 0 1000 100\" preserveAspectRatio=\"none\">\n\t<path class=\"elementor-shape-fill\" d=\"M0,6V0h1000v100L0,6z\"\/>\n<\/svg>\t\t<\/div>\n\t\t\t\t\t<div class=\"elementor-container elementor-column-gap-default\">\n\t\t\t\t\t<div class=\"elementor-column elementor-col-100 elementor-top-column elementor-element elementor-element-a572ce3\" data-id=\"a572ce3\" data-element_type=\"column\" data-e-type=\"column\">\n\t\t\t<div class=\"elementor-widget-wrap elementor-element-populated\">\n\t\t\t\t\t\t<div class=\"elementor-element elementor-element-f2e2da2 elementor-widget elementor-widget-heading\" data-id=\"f2e2da2\" data-element_type=\"widget\" data-e-type=\"widget\" data-widget_type=\"heading.default\">\n\t\t\t\t<div class=\"elementor-widget-container\">\n\t\t\t\t\t<h2 class=\"elementor-heading-title elementor-size-default\">M\u00e1s informaci\u00f3n de <strong>COCEMFE<\/strong> Valencia<\/h2>\t\t\t\t<\/div>\n\t\t\t\t<\/div>\n\t\t\t\t<section class=\"elementor-section elementor-inner-section elementor-element elementor-element-77fc3a4 elementor-section-boxed elementor-section-height-default elementor-section-height-default\" data-id=\"77fc3a4\" data-element_type=\"section\" data-e-type=\"section\">\n\t\t\t\t\t\t<div class=\"elementor-container elementor-column-gap-default\">\n\t\t\t\t\t<div class=\"elementor-column elementor-col-100 elementor-inner-column elementor-element elementor-element-0e8abf1\" data-id=\"0e8abf1\" data-element_type=\"column\" data-e-type=\"column\">\n\t\t\t<div class=\"elementor-widget-wrap elementor-element-populated\">\n\t\t\t\t\t\t<div class=\"elementor-element elementor-element-bd870d8 elementor-grid-5 elementor-grid-tablet-3 elementor-grid-mobile-1 elementor-widget elementor-widget-loop-grid\" data-id=\"bd870d8\" data-element_type=\"widget\" data-e-type=\"widget\" data-settings=\"{&quot;template_id&quot;:11161,&quot;alternate_template&quot;:&quot;yes&quot;,&quot;columns&quot;:5,&quot;columns_tablet&quot;:3,&quot;row_gap&quot;:{&quot;unit&quot;:&quot;px&quot;,&quot;size&quot;:70,&quot;sizes&quot;:[]},&quot;_skin&quot;:&quot;post&quot;,&quot;columns_mobile&quot;:&quot;1&quot;,&quot;edit_handle_selector&quot;:&quot;[data-elementor-type=\\&quot;loop-item\\&quot;]&quot;,&quot;row_gap_tablet&quot;:{&quot;unit&quot;:&quot;px&quot;,&quot;size&quot;:&quot;&quot;,&quot;sizes&quot;:[]},&quot;row_gap_mobile&quot;:{&quot;unit&quot;:&quot;px&quot;,&quot;size&quot;:&quot;&quot;,&quot;sizes&quot;:[]}}\" data-widget_type=\"loop-grid.post\">\n\t\t\t\t<div class=\"elementor-widget-container\">\n\t\t\t\t\t\t\t<div class=\"e-loop-nothing-found-message\">\n\t\t<\/div>\n\t\t\t\t\t\t<\/div>\n\t\t\t\t<\/div>\n\t\t\t\t\t<\/div>\n\t\t<\/div>\n\t\t\t\t\t<\/div>\n\t\t<\/section>\n\t\t\t\t\t<\/div>\n\t\t<\/div>\n\t\t\t\t\t<\/div>\n\t\t<\/section>\n\t\t\t\t<\/div>\n\t\t\t\t<\/div>\n\t\t\t\t\t\t<\/div>\n\t\t\t\t<\/div>\n\t\t\t\t\t<\/div>\n\t\t<\/div>\n\t\t\t\t\t<\/div>\n\t\t<\/section>\n\t\t\t\t<\/div>\n\t\t<p>Visitas: 773<\/p>","protected":false},"excerpt":{"rendered":"<p>Transporte adaptado Desde 2008, prestando un servicio de transporte adaptado con el objetivo de promover la autonom\u00eda personal a personas con discapacidad f\u00edsica\/org\u00e1nica y movilidad reducida, mediante la prestaci\u00f3n de servicios de desplazamiento de acceso y retorno, ofreciendo la posibilidad de realizar de forma independiente aquellas actividades para las que requieran este servicio. SERVICIOS DE&hellip;&nbsp;<a href=\"https:\/\/cocemfevalencia.org\/es\/transporte-adaptado\/\" rel=\"bookmark\">Leer m\u00e1s &raquo;<span class=\"screen-reader-text\">Transporte adaptado<\/span><\/a><\/p>\n","protected":false},"author":1,"featured_media":9837,"parent":0,"menu_order":7,"comment_status":"closed","ping_status":"closed","template":"","meta":{"rop_custom_images_group":[],"rop_custom_messages_group":[],"rop_publish_now":"initial","rop_publish_now_accounts":[],"rop_publish_now_history":[],"rop_publish_now_status":"pending","neve_meta_sidebar":"","neve_meta_container":"","neve_meta_enable_content_width":"off","neve_meta_content_width":100,"neve_meta_title_alignment":"","neve_meta_author_avatar":"","neve_post_elements_order":"","neve_meta_disable_header":"","neve_meta_disable_footer":"","neve_meta_disable_title":"","footnotes":""},"categories":[248],"class_list":["post-11021","page","type-page","status-publish","has-post-thumbnail","hentry","category-programes-cocemfe-valencia"],"yoast_head":"<!-- This site is optimized with the Yoast SEO plugin v27.3 - https:\/\/yoast.com\/product\/yoast-seo-wordpress\/ -->\n<title>Transporte adaptado - Cocemfe Valencia<\/title>\n<meta name=\"description\" content=\"Transporte adaptado, independencia asistida y autonom\u00eda personal (TAD). Servicios de desplazamientos de acceso y retorno\" \/>\n<meta name=\"robots\" content=\"index, follow, max-snippet:-1, max-image-preview:large, max-video-preview:-1\" \/>\n<link rel=\"canonical\" href=\"https:\/\/cocemfevalencia.org\/es\/transporte-adaptado\/\" \/>\n<meta property=\"og:locale\" content=\"es_ES\" \/>\n<meta property=\"og:type\" content=\"article\" \/>\n<meta property=\"og:title\" content=\"Transporte adaptado - Cocemfe Valencia\" \/>\n<meta property=\"og:description\" content=\"Transporte adaptado, independencia asistida y autonom\u00eda personal (TAD). Servicios de desplazamientos de acceso y retorno\" \/>\n<meta property=\"og:url\" content=\"https:\/\/cocemfevalencia.org\/es\/transporte-adaptado\/\" \/>\n<meta property=\"og:site_name\" content=\"Cocemfe Valencia\" \/>\n<meta property=\"article:publisher\" content=\"https:\/\/www.facebook.com\/cocemfe.valencia\" \/>\n<meta property=\"article:modified_time\" content=\"2026-03-04T07:54:31+00:00\" \/>\n<meta property=\"og:image\" content=\"https:\/\/cocemfevalencia.org\/wp-content\/uploads\/2023\/03\/icocemfe_5.png\" \/>\n\t<meta property=\"og:image:width\" content=\"181\" \/>\n\t<meta property=\"og:image:height\" content=\"181\" \/>\n\t<meta property=\"og:image:type\" content=\"image\/png\" \/>\n<meta name=\"twitter:card\" content=\"summary_large_image\" \/>\n<meta name=\"twitter:site\" content=\"@COCEMFEValencia\" \/>\n<meta name=\"twitter:label1\" content=\"Tiempo de lectura\" \/>\n\t<meta name=\"twitter:data1\" content=\"2 minutos\" \/>\n<script type=\"application\/ld+json\" class=\"yoast-schema-graph\">{\"@context\":\"https:\\\/\\\/schema.org\",\"@graph\":[{\"@type\":\"WebPage\",\"@id\":\"https:\\\/\\\/cocemfevalencia.org\\\/es\\\/transporte-adaptado\\\/\",\"url\":\"https:\\\/\\\/cocemfevalencia.org\\\/es\\\/transporte-adaptado\\\/\",\"name\":\"Transporte adaptado - Cocemfe Valencia\",\"isPartOf\":{\"@id\":\"https:\\\/\\\/cocemfevalencia.org\\\/es\\\/#website\"},\"primaryImageOfPage\":{\"@id\":\"https:\\\/\\\/cocemfevalencia.org\\\/es\\\/transporte-adaptado\\\/#primaryimage\"},\"image\":{\"@id\":\"https:\\\/\\\/cocemfevalencia.org\\\/es\\\/transporte-adaptado\\\/#primaryimage\"},\"thumbnailUrl\":\"https:\\\/\\\/cocemfevalencia.org\\\/wp-content\\\/uploads\\\/2023\\\/03\\\/icocemfe_5.png\",\"datePublished\":\"2018-05-15T13:14:27+00:00\",\"dateModified\":\"2026-03-04T07:54:31+00:00\",\"description\":\"Transporte adaptado, independencia asistida y autonom\u00eda personal (TAD). Servicios de desplazamientos de acceso y retorno\",\"breadcrumb\":{\"@id\":\"https:\\\/\\\/cocemfevalencia.org\\\/es\\\/transporte-adaptado\\\/#breadcrumb\"},\"inLanguage\":\"es\",\"potentialAction\":[{\"@type\":\"ReadAction\",\"target\":[\"https:\\\/\\\/cocemfevalencia.org\\\/es\\\/transporte-adaptado\\\/\"]}]},{\"@type\":\"ImageObject\",\"inLanguage\":\"es\",\"@id\":\"https:\\\/\\\/cocemfevalencia.org\\\/es\\\/transporte-adaptado\\\/#primaryimage\",\"url\":\"https:\\\/\\\/cocemfevalencia.org\\\/wp-content\\\/uploads\\\/2023\\\/03\\\/icocemfe_5.png\",\"contentUrl\":\"https:\\\/\\\/cocemfevalencia.org\\\/wp-content\\\/uploads\\\/2023\\\/03\\\/icocemfe_5.png\",\"width\":181,\"height\":181,\"caption\":\"Transport\"},{\"@type\":\"BreadcrumbList\",\"@id\":\"https:\\\/\\\/cocemfevalencia.org\\\/es\\\/transporte-adaptado\\\/#breadcrumb\",\"itemListElement\":[{\"@type\":\"ListItem\",\"position\":1,\"name\":\"Portada\",\"item\":\"https:\\\/\\\/cocemfevalencia.org\\\/es\\\/\"},{\"@type\":\"ListItem\",\"position\":2,\"name\":\"Transporte adaptado\"}]},{\"@type\":\"WebSite\",\"@id\":\"https:\\\/\\\/cocemfevalencia.org\\\/es\\\/#website\",\"url\":\"https:\\\/\\\/cocemfevalencia.org\\\/es\\\/\",\"name\":\"Cocemfe Valencia\",\"description\":\"FEDERACI\u00d3N DE ASOCIACIONES DE PERSONAS CON DISCAPACIDAD F\u00cdSICA Y ORG\u00c1NICA DE LA PROV\u00cdNCIA DE VALENCIA\",\"publisher\":{\"@id\":\"https:\\\/\\\/cocemfevalencia.org\\\/es\\\/#organization\"},\"potentialAction\":[{\"@type\":\"SearchAction\",\"target\":{\"@type\":\"EntryPoint\",\"urlTemplate\":\"https:\\\/\\\/cocemfevalencia.org\\\/es\\\/?s={search_term_string}\"},\"query-input\":{\"@type\":\"PropertyValueSpecification\",\"valueRequired\":true,\"valueName\":\"search_term_string\"}}],\"inLanguage\":\"es\"},{\"@type\":\"Organization\",\"@id\":\"https:\\\/\\\/cocemfevalencia.org\\\/es\\\/#organization\",\"name\":\"Cocemfe Valencia\",\"url\":\"https:\\\/\\\/cocemfevalencia.org\\\/es\\\/\",\"logo\":{\"@type\":\"ImageObject\",\"inLanguage\":\"es\",\"@id\":\"https:\\\/\\\/cocemfevalencia.org\\\/es\\\/#\\\/schema\\\/logo\\\/image\\\/\",\"url\":\"https:\\\/\\\/cocemfevalencia.org\\\/wp-content\\\/uploads\\\/2023\\\/03\\\/0312-Horizontal-una-linea-larga-rgb-positivo-Tricolor.png\",\"contentUrl\":\"https:\\\/\\\/cocemfevalencia.org\\\/wp-content\\\/uploads\\\/2023\\\/03\\\/0312-Horizontal-una-linea-larga-rgb-positivo-Tricolor.png\",\"width\":2334,\"height\":613,\"caption\":\"Cocemfe Valencia\"},\"image\":{\"@id\":\"https:\\\/\\\/cocemfevalencia.org\\\/es\\\/#\\\/schema\\\/logo\\\/image\\\/\"},\"sameAs\":[\"https:\\\/\\\/www.facebook.com\\\/cocemfe.valencia\",\"https:\\\/\\\/x.com\\\/COCEMFEValencia\"]}]}<\/script>\n<!-- \/ Yoast SEO plugin. -->","yoast_head_json":{"title":"Transporte adaptado - Cocemfe Valencia","description":"Transporte adaptado, independencia asistida y autonom\u00eda personal (TAD). Servicios de desplazamientos de acceso y retorno","robots":{"index":"index","follow":"follow","max-snippet":"max-snippet:-1","max-image-preview":"max-image-preview:large","max-video-preview":"max-video-preview:-1"},"canonical":"https:\/\/cocemfevalencia.org\/es\/transporte-adaptado\/","og_locale":"es_ES","og_type":"article","og_title":"Transporte adaptado - Cocemfe Valencia","og_description":"Transporte adaptado, independencia asistida y autonom\u00eda personal (TAD). Servicios de desplazamientos de acceso y retorno","og_url":"https:\/\/cocemfevalencia.org\/es\/transporte-adaptado\/","og_site_name":"Cocemfe Valencia","article_publisher":"https:\/\/www.facebook.com\/cocemfe.valencia","article_modified_time":"2026-03-04T07:54:31+00:00","og_image":[{"width":181,"height":181,"url":"https:\/\/cocemfevalencia.org\/wp-content\/uploads\/2023\/03\/icocemfe_5.png","type":"image\/png"}],"twitter_card":"summary_large_image","twitter_site":"@COCEMFEValencia","twitter_misc":{"Tiempo de lectura":"2 minutos"},"schema":{"@context":"https:\/\/schema.org","@graph":[{"@type":"WebPage","@id":"https:\/\/cocemfevalencia.org\/es\/transporte-adaptado\/","url":"https:\/\/cocemfevalencia.org\/es\/transporte-adaptado\/","name":"Transporte adaptado - Cocemfe Valencia","isPartOf":{"@id":"https:\/\/cocemfevalencia.org\/es\/#website"},"primaryImageOfPage":{"@id":"https:\/\/cocemfevalencia.org\/es\/transporte-adaptado\/#primaryimage"},"image":{"@id":"https:\/\/cocemfevalencia.org\/es\/transporte-adaptado\/#primaryimage"},"thumbnailUrl":"https:\/\/cocemfevalencia.org\/wp-content\/uploads\/2023\/03\/icocemfe_5.png","datePublished":"2018-05-15T13:14:27+00:00","dateModified":"2026-03-04T07:54:31+00:00","description":"Transporte adaptado, independencia asistida y autonom\u00eda personal (TAD). Servicios de desplazamientos de acceso y retorno","breadcrumb":{"@id":"https:\/\/cocemfevalencia.org\/es\/transporte-adaptado\/#breadcrumb"},"inLanguage":"es","potentialAction":[{"@type":"ReadAction","target":["https:\/\/cocemfevalencia.org\/es\/transporte-adaptado\/"]}]},{"@type":"ImageObject","inLanguage":"es","@id":"https:\/\/cocemfevalencia.org\/es\/transporte-adaptado\/#primaryimage","url":"https:\/\/cocemfevalencia.org\/wp-content\/uploads\/2023\/03\/icocemfe_5.png","contentUrl":"https:\/\/cocemfevalencia.org\/wp-content\/uploads\/2023\/03\/icocemfe_5.png","width":181,"height":181,"caption":"Transport"},{"@type":"BreadcrumbList","@id":"https:\/\/cocemfevalencia.org\/es\/transporte-adaptado\/#breadcrumb","itemListElement":[{"@type":"ListItem","position":1,"name":"Portada","item":"https:\/\/cocemfevalencia.org\/es\/"},{"@type":"ListItem","position":2,"name":"Transporte adaptado"}]},{"@type":"WebSite","@id":"https:\/\/cocemfevalencia.org\/es\/#website","url":"https:\/\/cocemfevalencia.org\/es\/","name":"Cocemfe Valencia","description":"FEDERACI\u00d3N DE ASOCIACIONES DE PERSONAS CON DISCAPACIDAD F\u00cdSICA Y ORG\u00c1NICA DE LA PROV\u00cdNCIA DE VALENCIA","publisher":{"@id":"https:\/\/cocemfevalencia.org\/es\/#organization"},"potentialAction":[{"@type":"SearchAction","target":{"@type":"EntryPoint","urlTemplate":"https:\/\/cocemfevalencia.org\/es\/?s={search_term_string}"},"query-input":{"@type":"PropertyValueSpecification","valueRequired":true,"valueName":"search_term_string"}}],"inLanguage":"es"},{"@type":"Organization","@id":"https:\/\/cocemfevalencia.org\/es\/#organization","name":"Cocemfe Valencia","url":"https:\/\/cocemfevalencia.org\/es\/","logo":{"@type":"ImageObject","inLanguage":"es","@id":"https:\/\/cocemfevalencia.org\/es\/#\/schema\/logo\/image\/","url":"https:\/\/cocemfevalencia.org\/wp-content\/uploads\/2023\/03\/0312-Horizontal-una-linea-larga-rgb-positivo-Tricolor.png","contentUrl":"https:\/\/cocemfevalencia.org\/wp-content\/uploads\/2023\/03\/0312-Horizontal-una-linea-larga-rgb-positivo-Tricolor.png","width":2334,"height":613,"caption":"Cocemfe Valencia"},"image":{"@id":"https:\/\/cocemfevalencia.org\/es\/#\/schema\/logo\/image\/"},"sameAs":["https:\/\/www.facebook.com\/cocemfe.valencia","https:\/\/x.com\/COCEMFEValencia"]}]}},"_links":{"self":[{"href":"https:\/\/cocemfevalencia.org\/es\/wp-json\/wp\/v2\/pages\/11021","targetHints":{"allow":["GET"]}}],"collection":[{"href":"https:\/\/cocemfevalencia.org\/es\/wp-json\/wp\/v2\/pages"}],"about":[{"href":"https:\/\/cocemfevalencia.org\/es\/wp-json\/wp\/v2\/types\/page"}],"author":[{"embeddable":true,"href":"https:\/\/cocemfevalencia.org\/es\/wp-json\/wp\/v2\/users\/1"}],"replies":[{"embeddable":true,"href":"https:\/\/cocemfevalencia.org\/es\/wp-json\/wp\/v2\/comments?post=11021"}],"version-history":[{"count":26,"href":"https:\/\/cocemfevalencia.org\/es\/wp-json\/wp\/v2\/pages\/11021\/revisions"}],"predecessor-version":[{"id":17397,"href":"https:\/\/cocemfevalencia.org\/es\/wp-json\/wp\/v2\/pages\/11021\/revisions\/17397"}],"wp:featuredmedia":[{"embeddable":true,"href":"https:\/\/cocemfevalencia.org\/es\/wp-json\/wp\/v2\/media\/9837"}],"wp:attachment":[{"href":"https:\/\/cocemfevalencia.org\/es\/wp-json\/wp\/v2\/media?parent=11021"}],"wp:term":[{"taxonomy":"category","embeddable":true,"href":"https:\/\/cocemfevalencia.org\/es\/wp-json\/wp\/v2\/categories?post=11021"}],"curies":[{"name":"wp","href":"https:\/\/api.w.org\/{rel}","templated":true}]}}