{"id":9787,"date":"2018-05-24T23:29:48","date_gmt":"2018-05-24T21:29:48","guid":{"rendered":"https:\/\/cocemfevalencia.org\/politica-de-privacidad\/"},"modified":"2023-03-31T09:48:07","modified_gmt":"2023-03-31T07:48:07","slug":"politica-de-privacidad","status":"publish","type":"page","link":"https:\/\/cocemfevalencia.org\/es\/politica-de-privacidad\/","title":{"rendered":"Pol\u00edtica de Privacidad"},"content":{"rendered":"\t\t<div data-elementor-type=\"wp-post\" data-elementor-id=\"9787\" class=\"elementor elementor-9787 elementor-803\" data-elementor-post-type=\"page\">\n\t\t\t\t\t\t<section class=\"elementor-section elementor-top-section elementor-element elementor-element-7fd9e233 elementor-section-boxed elementor-section-height-default elementor-section-height-default\" data-id=\"7fd9e233\" data-element_type=\"section\" data-e-type=\"section\">\n\t\t\t\t\t\t<div class=\"elementor-container elementor-column-gap-default\">\n\t\t\t\t\t<div class=\"elementor-column elementor-col-100 elementor-top-column elementor-element elementor-element-6cf8636c\" data-id=\"6cf8636c\" data-element_type=\"column\" data-e-type=\"column\">\n\t\t\t<div class=\"elementor-widget-wrap elementor-element-populated\">\n\t\t\t\t\t\t<div class=\"elementor-element elementor-element-d5e2d3a elementor-widget elementor-widget-heading\" data-id=\"d5e2d3a\" data-element_type=\"widget\" data-e-type=\"widget\" data-widget_type=\"heading.default\">\n\t\t\t\t<div class=\"elementor-widget-container\">\n\t\t\t\t\t<h1 class=\"elementor-heading-title elementor-size-default\">Pol\u00edtica de Privacidad<\/h1>\t\t\t\t<\/div>\n\t\t\t\t<\/div>\n\t\t\t\t<div class=\"elementor-element elementor-element-51b64233 elementor-widget elementor-widget-text-editor\" data-id=\"51b64233\" data-element_type=\"widget\" data-e-type=\"widget\" data-widget_type=\"text-editor.default\">\n\t\t\t\t<div class=\"elementor-widget-container\">\n\t\t\t\t\t\t\t\t\t<div><strong>Protecci\u00f3 de dades de car\u00e0cter personal segons la LOPDGDD<\/strong><\/div>\n<div>\n<hr>\n<\/div>\n<div> <\/div>\n<div>FEDERACION D&#8217;ASSOCIACIONS DE PERSONES AMB DISCAPACITAT FISICA I ORGANICA DE LA PROV\u00cdNCIA DE VAL\u00c8NCIA (d&#8217;ara en avant COCEMFE Val\u00e8ncia), en aplicaci\u00f3 de la normativa vigent en mat\u00e8ria de protecci\u00f3 de dades de car\u00e0cter personal, d&#8217;una banda en el RGPD, (UE) 2016\/679 de 27 d&#8217;abril de 2016 i per una altra a la Llei org\u00e0nica 3\/2018, de 5 de desembre, de Protecci\u00f3 de Dades Personals i garantia dels drets digitals, informa que les dades personals que es recullen a trav\u00e9s dels formularis del Lloc web: http:\/\/cocemfevalencia.org s&#8217;inclouen en els fitxers automatitzats espec\u00edfics propietat de FEDERACION D&#8217;ASSOCIACIONS DE PERSONES AMB DISCAPACITAT FISICA I ORGANICA DE LA PROV\u00cdNCIA DE VAL\u00c8NCIA amb CIF G96553540.<\/div>\n<div>\n<p>La recollida i tractament automatitzat de les dades de car\u00e0cter personal t\u00e9 com a finalitat el manteniment de la relaci\u00f3 comercial i l&#8217;acompliment de tasques d&#8217;informaci\u00f3, formaci\u00f3, assessorament i altres activitats pr\u00f2pies de COCEMFE Val\u00e8ncia.<\/p>\n<p>Aquestes dades \u00fanicament seran cedits a aquelles entitats que siguen necess\u00e0ries amb l&#8217;\u00fanic objectiu de donar compliment a la finalitat anteriorment exposada.<\/p>\n<p>COCEMFE Val\u00e8ncia adopta les mesures necess\u00e0ries per a garantir la seguretat, integritat i confidencialitat de les dades conforme al que es disposa en el Reglament (UE) 2016\/679 del Parlament Europeu i del Consell, de 27 d&#8217;abril de 2016, relatiu a la protecci\u00f3 de les persones f\u00edsiques pel que fa al tractament de dades personals i a la lliure circulaci\u00f3 dels mateixos i a la Llei org\u00e0nica 3\/2018, de 5 de desembre, de Protecci\u00f3 de Dades Personals i garantia dels drets digitals<\/p>\n<p>L&#8217;usuari podr\u00e0 en qualsevol moment exercitar d&#8217;acord amb els articles 13 al 18 de la LOPDGDD 3\/2018, els drets d&#8217;acc\u00e9s, rectificaci\u00f3, cancel\u00b7laci\u00f3, oposici\u00f3, portabilitat i limitaci\u00f3 en el domicili social de COCEMFE VAL\u00c8NCIA, sent aquest a VAL\u00c8NCIA Carrer Torres, 12 baix esq. (46018) o a l&#8217;e-mail: info@cocemfevalencia.org amb el corresponent document acreditatiu (DNI)<\/p>\n<p>L&#8217;usuari manifesta que totes les dades facilitades per ell s\u00f3n certs i correctes, i es compromet a mantindre&#8217;ls actualitzats, comunicant els canvis a COCEMFE Val\u00e8ncia.<\/p>\n<p><strong>Finalitat del tractament de les dades personals:<\/strong><\/p>\n<hr>\n<p><strong>Amb quina finalitat tractarem les teues dades personals?<\/strong><\/p>\n<hr>\n<\/div>\n<div>\n<p>En COCEMFE Val\u00e8ncia, tractarem les teues dades personals recaptades a trav\u00e9s del Lloc web: http:\/\/cocemfevalencia.org, amb les seg\u00fcents finalitats:<\/p>\n<p>1. En cas de contractaci\u00f3 dels b\u00e9ns i serveis oferits a trav\u00e9s de COCEMFE Val\u00e8ncia, per a mantindre la relaci\u00f3 contractual, aix\u00ed com la gesti\u00f3, administraci\u00f3, informaci\u00f3, prestaci\u00f3 i millora del servei. <br \/>2. Enviament d&#8217;informaci\u00f3 sol\u00b7licitada a trav\u00e9s dels formularis disposats en COCEMFE Val\u00e8ncia <br \/>3. Remetre butlletins (newsletters), aix\u00ed com comunicacions comercials de promocions i\/o publicitat de COCEMFE Val\u00e8ncia i del sector.<\/p>\n<p>Et recordem que pots oposar-te a l&#8217;enviament de comunicacions comercials per qualsevol via i en qualsevol moment, remetent un correu electr\u00f2nic a l&#8217;adre\u00e7a indicada anteriorment.<\/p>\n<p>Els camps d&#8217;aquests registres s\u00f3n d&#8217;emplenament obligatori, sent impossible realitzar les finalitats expressades si no s&#8217;aporten aqueixes dades.<\/p>\n<p><strong>Per quant temps es conserven les dades personals recaptades?<\/strong><\/p>\n<hr>\n<p>Les dades personals proporcionades es conservaran mentre es mantinga la relaci\u00f3 comercial o no sol\u00b7licites la seua supressi\u00f3 i durant el termini pel qual pogueren derivar-se responsabilitats legals pels serveis prestats.<\/p>\n<p>Legitimaci\u00f3:<\/p>\n<p>El tractament de les teues dades es realitza amb les seg\u00fcents bases jur\u00eddiques que legitimen el mateix:<\/p>\n<p>1. La sol\u00b7licitud d&#8217;informaci\u00f3 i\/o la contractaci\u00f3 dels serveis de COCEMFE Val\u00e8ncia, els termes i les condicions dels quals es posaran a la teua disposici\u00f3 en tot cas, de manera pr\u00e8via a una eventual contractaci\u00f3. <br \/>2. El consentiment lliure, espec\u00edfic, informat i inequ\u00edvoc, en tant que t&#8217;informem posant a la teua disposici\u00f3 la present pol\u00edtica de privacitat, que despr\u00e9s de la lectura d&#8217;aquesta, en cas d&#8217;estar conforme, pots acceptar mitjan\u00e7ant una declaraci\u00f3 o una clara acci\u00f3 afirmativa, com el marcat d&#8217;una casella disposada a aquest efecte.<\/p>\n<p>En cas que no ens facilites les teues dades o ho faces de manera err\u00f2nia o incompleta, no podrem atendre la teua sol\u00b7licitud, resultant del tot impossible proporcionar-te la informaci\u00f3 sol\u00b7licitada o dur a terme la contractaci\u00f3 dels serveis.<\/p>\n<p><strong>Destinataris:<\/strong><\/p>\n<hr>\n<div>\n<p>Les dades no es comunicaran a cap tercer ali\u00e9 a COCEMFE Val\u00e8ncia, excepte obligaci\u00f3 legal.<\/p>\n<\/div>\n<p><strong>Dades recopilades per usuaris dels serveis<\/strong><\/p>\n<hr>\n<p>En els casos en qu\u00e8 l&#8217;usuari incloga fitxers amb dades de car\u00e0cter personal en els servidors d&#8217;allotjament compartit, COCEMFE Val\u00e8ncia no es fa responsable de l&#8217;incompliment per part de l&#8217;usuari de la Llei org\u00e0nica 3\/2018, de 5 de desembre, de Protecci\u00f3 de Dades Personals i garantia dels drets digitals.<\/p>\n<p><strong>Retenci\u00f3 de dades en conformitat a la LSSI<\/strong><\/p>\n<hr>\n<p>COCEMFE Val\u00e8ncia informa que, com a prestador de servei d&#8217;allotjament de dades i en virtut del que s&#8217;estableix en la Llei 34\/2002 d&#8217;11 de juliol de Serveis de la Societat de la Informaci\u00f3 i de Comer\u00e7 Electr\u00f2nic (LSSI), ret\u00e9 per un per\u00edode m\u00e0xim de 12 mesos la informaci\u00f3 imprescindible per a identificar l&#8217;origen de les dades allotjades i el moment en qu\u00e8 es va iniciar la prestaci\u00f3 del servei. La retenci\u00f3 d&#8217;aquestes dades no afecta al secret de les comunicacions i nom\u00e9s podran ser utilitzats en el marc d&#8217;una investigaci\u00f3 criminal o per a la salvaguarda de la seguretat p\u00fablica, posant-se a la disposici\u00f3 dels jutges i\/o tribunals o del Ministeri que aix\u00ed els requerisca.<\/p>\n<p>La comunicaci\u00f3 de dades a les Forces i Cossos de l&#8217;Estat es far\u00e0 en virtut al que es disposa en la normativa sobre protecci\u00f3 de dades personals.<\/p>\n<p><strong>Drets propietat intel\u00b7lectual de COCEMFE Val\u00e8ncia<\/strong><\/p>\n<hr>\n<p>COCEMFE Val\u00e8ncia \u00e9s titular de tots els drets d&#8217;autor, propietat intel\u00b7lectual, industrial, \u00abknow-how\u00bb i quants altres drets guarden relaci\u00f3 amb els continguts del lloc web http:\/\/cocemfevalencia.org i els serveis oferits en aquest, aix\u00ed com dels programes necessaris per a la seua implementaci\u00f3 i la informaci\u00f3 relacionada.<\/p>\n<p>No es permet la reproducci\u00f3, publicaci\u00f3 i\/o \u00fas no estrictament privat dels continguts, totals o parcials, del lloc web http:\/\/cocemfevalencia.org sense el consentiment previ i per escrit.<\/p>\n<p><strong>Propietat intel\u00b7lectual del software<\/strong><\/p>\n<hr>\n<p>L&#8217;usuari ha de respectar els programes de tercers llocs a la seua disposici\u00f3 per COCEMFE Val\u00e8ncia, fins i tot sent gratu\u00efts i\/o de disposici\u00f3 p\u00fablica.<\/p>\n<p>COCEMFE Val\u00e8ncia disposa dels drets d&#8217;explotaci\u00f3 i propietat intel\u00b7lectual necessaris del programari.<\/p>\n<p>L&#8217;usuari no adquireix cap dret o llic\u00e8ncia pel servei contractat, sobre el programari necessari per a la prestaci\u00f3 del servei, ni tampoc sobre la informaci\u00f3 t\u00e8cnica de seguiment del servei, excepci\u00f3 feta dels drets i llic\u00e8ncies necessaris per al compliment dels serveis contractats i \u00fanicament durant la duraci\u00f3 d&#8217;aquests.<\/p>\n<p>Per a tota actuaci\u00f3 que excedisca del compliment del contracte, l&#8217;usuari necessitar\u00e0 autoritzaci\u00f3 per escrit per part de COCEMFE Val\u00e8ncia, quedant prohibit a l&#8217;usuari accedir, modificar, visualitzar la configuraci\u00f3, estructura i fitxers dels servidors propietat de COCEMFE Val\u00e8ncia, assumint la responsabilitat civil i penal derivada de qualsevol incid\u00e8ncia que es poguera produir en els servidors i sistemes de seguretat com a conseq\u00fc\u00e8ncia directa d&#8217;una actuaci\u00f3 negligent o maliciosa per part seua.<\/p>\n<p><strong>Propietat intel\u00b7lectual dels continguts allotjats<\/strong><\/p>\n<hr>\n<p>Es prohibeix l&#8217;\u00fas contrari a la legislaci\u00f3 sobre propietat intel\u00b7lectual dels serveis prestats per *COCEMFE Val\u00e8ncia i, en particular de:<\/p>\n<p>\u2022 La utilitzaci\u00f3 que resulte contr\u00e0ria a les lleis espanyoles o que infringisca els drets de tercers.<\/p>\n<p>\u2022 La publicaci\u00f3 o la transmissi\u00f3 de qualsevol contingut que, segons el parer de COCEMFE Val\u00e8ncia, resulte violent, obsc\u00e9, abusiu, il\u00b7legal, racial, xen\u00f2fob o difamatori. <br \/>\u2022 Els cracks, n\u00fameros de s\u00e8rie de programes o qualsevol altre contingut que vulnere drets de la propietat intel\u00b7lectual de tercers. <br \/>\u2022 La recollida i\/o utilitzaci\u00f3 de dades personals d&#8217;altres usuaris sense el seu consentiment expr\u00e9s o contravenint el que es disposa en Reglament (UE) 2016\/679 del Parlament Europeu i del Consell, de 27 d&#8217;abril de 2016, relatiu a la protecci\u00f3 de les persones f\u00edsiques pel que fa al tractament de dades personals i a la lliure circulaci\u00f3 dels mateixos i a la Llei org\u00e0nica 3\/2018, de 5 de desembre, de Protecci\u00f3 de Dades Personals i garantia dels drets digitals.<br \/>\u2022 La utilitzaci\u00f3 del servidor de correu del domini i de les adreces de correu electr\u00f2nic per a l&#8217;enviament de correu massiu no desitjat.<\/p>\n<p>L&#8217;usuari t\u00e9 tota la responsabilitat sobre el contingut del seu web, la informaci\u00f3 transmesa i emmagatzemada, els enlla\u00e7os d&#8217;hipertext, les reivindicacions de tercers i les accions legals en refer\u00e8ncia a propietat intel\u00b7lectual, drets de tercers i protecci\u00f3 de menors.<\/p>\n<p>L&#8217;usuari \u00e9s responsable respecte a les lleis i reglaments en vigor i les regles que tenen a veure amb el funcionament del servei online, comer\u00e7 electr\u00f2nic, drets d&#8217;autor, manteniment de l&#8217;ordre p\u00fablic, aix\u00ed com principis universals d&#8217;\u00fas d&#8217;Internet.<\/p>\n<p>L&#8217;usuari indemnitzar\u00e0 a COCEMFE Val\u00e8ncia per les despeses que generara la imputaci\u00f3 de COCEMFE Val\u00e8ncia en alguna causa la responsabilitat de la qual fora atribu\u00efble a l&#8217;usuari, inclosos honoraris i despeses de defensa jur\u00eddica, fins i tot en el cas d&#8217;una decisi\u00f3 judicial no definitiva.<\/p>\n<p><strong>Protecci\u00f3 de la informaci\u00f3 allotjada<\/strong><\/p>\n<hr>\n<p>COCEMFE Val\u00e8ncia realitza c\u00f2pies de seguretat dels continguts allotjats en els seus servidors, no obstant aix\u00f2, no es responsabilitza de la p\u00e8rdua o l&#8217;esborrat accidental de les dades per part dels usuaris. D&#8217;igual manera, no garanteix la reposici\u00f3 total de les dades esborrades pels usuaris, ja que les citades dades podrien haver sigut suprimits i\/o modificats durant el per\u00edode del temps transcorregut des de l&#8217;\u00faltima c\u00f2pia de seguretat.<\/p>\n<p>Els serveis oferits, excepte els serveis espec\u00edfics de c\u00f2pia de seguretat, no inclouen la reposici\u00f3 dels continguts conservats en les c\u00f2pies de seguretat realitzades per COCEMFE Val\u00e8ncia, quan aquesta p\u00e8rdua siga imputable a l&#8217;usuari; en aquest cas, es determinar\u00e0 una tarifa concorde a la complexitat i volum de la recuperaci\u00f3, sempre pr\u00e8via acceptaci\u00f3 de l&#8217;usuari.<\/p>\n<p>La reposici\u00f3 de dades esborrades nom\u00e9s est\u00e0 inclosa en el preu del servei quan la p\u00e8rdua del contingut siga deguda a causes atribu\u00efbles a COCEMFE Val\u00e8ncia.<\/p>\n<p><strong>Comunicacions comercials<\/strong><\/p>\n<hr>\n<p>En aplicaci\u00f3 de la LSSI. COCEMFE Val\u00e8ncia no enviar\u00e0 comunicacions publicit\u00e0ries o promocionals per correu electr\u00f2nic o un altre mitj\u00e0 de comunicaci\u00f3 electr\u00f2nica equivalent que pr\u00e8viament no hagueren sigut sol\u00b7licitades o expressament autoritzades pels destinataris d&#8217;aquestes.<\/p>\n<p>En el cas d&#8217;usuaris amb els quals existisca una relaci\u00f3 contractual pr\u00e8via, COCEMFE Val\u00e8ncia s\u00ed que est\u00e0 autoritzat a l&#8217;enviament de comunicacions comercials referents a productes o serveis de COCEMFE Val\u00e8ncia que siguen similars als que inicialment van ser objecte de contractaci\u00f3 amb el client.<\/p>\n<p>En tot cas, l&#8217;usuari, despr\u00e9s d&#8217;acreditar la seua identitat, podr\u00e0 sol\u00b7licitar que no se li fa\u00e7a arribar m\u00e9s informaci\u00f3 comercial a trav\u00e9s dels canals d&#8217;Atenci\u00f3 al Client.<\/p>\n<\/div>\n<div><b>Us de Cookies<\/b><\/div>\n<hr>\n<p dir=\"ltr\" data-placeholder=\"Traducci\u00f3n\"><span lang=\"ca\">Per saber m\u00e9s sobre les cookies segueix <a href=\"http:\/\/cocemfevalencia.org\/politica-de-cookies\/\" target=\"_blank\" rel=\"noopener\">aquest enlla\u00e7.<\/a><\/span><\/p>\n<div><b>Versi\u00f3n<\/b><\/div>\n<hr>\n<p>Aquest Av\u00eds Legal \u00e9s de data 2018.07.26 i qualsevol modificaci\u00f3 dels seus termes ser\u00e0 publicada a la p\u00e0gina web.<\/p>\n\t\t\t\t\t\t\t\t<\/div>\n\t\t\t\t<\/div>\n\t\t\t\t\t<\/div>\n\t\t<\/div>\n\t\t\t\t\t<\/div>\n\t\t<\/section>\n\t\t\t\t<\/div>\n\t\t<p>Visitas: 52<\/p>","protected":false},"excerpt":{"rendered":"<p>Protecci\u00f3 de dades de car\u00e0cter personal segons la LOPDGDD FEDERACION D&#8217;ASSOCIACIONS DE PERSONES AMB DISCAPACITAT FISICA I ORGANICA DE LA PROV\u00cdNCIA DE VAL\u00c8NCIA (d&#8217;ara en avant COCEMFE Val\u00e8ncia), en aplicaci\u00f3 de la normativa vigent en mat\u00e8ria de protecci\u00f3 de dades de car\u00e0cter personal, d&#8217;una banda en el RGPD, (UE) 2016\/679 de 27 d&#8217;abril de 2016&hellip;&nbsp;<a href=\"https:\/\/cocemfevalencia.org\/es\/politica-de-privacidad\/\" rel=\"bookmark\">Leer m\u00e1s &raquo;<span class=\"screen-reader-text\">Pol\u00edtica de Privacidad<\/span><\/a><\/p>\n","protected":false},"author":1,"featured_media":0,"parent":0,"menu_order":0,"comment_status":"closed","ping_status":"closed","template":"","meta":{"rop_custom_images_group":[],"rop_custom_messages_group":[],"rop_publish_now":"initial","rop_publish_now_accounts":[],"rop_publish_now_history":[],"rop_publish_now_status":"pending","neve_meta_sidebar":"","neve_meta_container":"","neve_meta_enable_content_width":"","neve_meta_content_width":0,"neve_meta_title_alignment":"","neve_meta_author_avatar":"","neve_post_elements_order":"","neve_meta_disable_header":"","neve_meta_disable_footer":"","neve_meta_disable_title":"","footnotes":""},"categories":[],"class_list":["post-9787","page","type-page","status-publish","hentry"],"yoast_head":"<!-- This site is optimized with the Yoast SEO plugin v27.3 - https:\/\/yoast.com\/product\/yoast-seo-wordpress\/ -->\n<title>Pol\u00edtica de Privacidad - Cocemfe Valencia<\/title>\n<meta name=\"robots\" content=\"index, follow, max-snippet:-1, max-image-preview:large, max-video-preview:-1\" \/>\n<link rel=\"canonical\" href=\"https:\/\/cocemfevalencia.org\/es\/politica-de-privacidad\/\" \/>\n<meta property=\"og:locale\" content=\"es_ES\" \/>\n<meta property=\"og:type\" content=\"article\" \/>\n<meta property=\"og:title\" content=\"Pol\u00edtica de Privacidad - Cocemfe Valencia\" \/>\n<meta property=\"og:description\" content=\"Protecci\u00f3 de dades de car\u00e0cter personal segons la LOPDGDD FEDERACION D&#8217;ASSOCIACIONS DE PERSONES AMB DISCAPACITAT FISICA I ORGANICA DE LA PROV\u00cdNCIA DE VAL\u00c8NCIA (d&#8217;ara en avant COCEMFE Val\u00e8ncia), en aplicaci\u00f3 de la normativa vigent en mat\u00e8ria de protecci\u00f3 de dades de car\u00e0cter personal, d&#8217;una banda en el RGPD, (UE) 2016\/679 de 27 d&#8217;abril de 2016&hellip;&nbsp;Leer m\u00e1s &raquo;Pol\u00edtica de Privacidad\" \/>\n<meta property=\"og:url\" content=\"https:\/\/cocemfevalencia.org\/es\/politica-de-privacidad\/\" \/>\n<meta property=\"og:site_name\" content=\"Cocemfe Valencia\" \/>\n<meta property=\"article:publisher\" content=\"https:\/\/www.facebook.com\/cocemfe.valencia\" \/>\n<meta property=\"article:modified_time\" content=\"2023-03-31T07:48:07+00:00\" \/>\n<meta name=\"twitter:card\" content=\"summary_large_image\" \/>\n<meta name=\"twitter:site\" content=\"@COCEMFEValencia\" \/>\n<meta name=\"twitter:label1\" content=\"Tiempo de lectura\" \/>\n\t<meta name=\"twitter:data1\" content=\"9 minutos\" \/>\n<script type=\"application\/ld+json\" class=\"yoast-schema-graph\">{\"@context\":\"https:\\\/\\\/schema.org\",\"@graph\":[{\"@type\":\"WebPage\",\"@id\":\"https:\\\/\\\/cocemfevalencia.org\\\/es\\\/politica-de-privacidad\\\/\",\"url\":\"https:\\\/\\\/cocemfevalencia.org\\\/es\\\/politica-de-privacidad\\\/\",\"name\":\"Pol\u00edtica de Privacidad - Cocemfe Valencia\",\"isPartOf\":{\"@id\":\"https:\\\/\\\/cocemfevalencia.org\\\/es\\\/#website\"},\"datePublished\":\"2018-05-24T21:29:48+00:00\",\"dateModified\":\"2023-03-31T07:48:07+00:00\",\"breadcrumb\":{\"@id\":\"https:\\\/\\\/cocemfevalencia.org\\\/es\\\/politica-de-privacidad\\\/#breadcrumb\"},\"inLanguage\":\"es\",\"potentialAction\":[{\"@type\":\"ReadAction\",\"target\":[\"https:\\\/\\\/cocemfevalencia.org\\\/es\\\/politica-de-privacidad\\\/\"]}]},{\"@type\":\"BreadcrumbList\",\"@id\":\"https:\\\/\\\/cocemfevalencia.org\\\/es\\\/politica-de-privacidad\\\/#breadcrumb\",\"itemListElement\":[{\"@type\":\"ListItem\",\"position\":1,\"name\":\"Portada\",\"item\":\"https:\\\/\\\/cocemfevalencia.org\\\/es\\\/\"},{\"@type\":\"ListItem\",\"position\":2,\"name\":\"Pol\u00edtica de Privacidad\"}]},{\"@type\":\"WebSite\",\"@id\":\"https:\\\/\\\/cocemfevalencia.org\\\/es\\\/#website\",\"url\":\"https:\\\/\\\/cocemfevalencia.org\\\/es\\\/\",\"name\":\"Cocemfe Valencia\",\"description\":\"FEDERACI\u00d3N DE ASOCIACIONES DE PERSONAS CON DISCAPACIDAD F\u00cdSICA Y ORG\u00c1NICA DE LA PROV\u00cdNCIA DE VALENCIA\",\"publisher\":{\"@id\":\"https:\\\/\\\/cocemfevalencia.org\\\/es\\\/#organization\"},\"potentialAction\":[{\"@type\":\"SearchAction\",\"target\":{\"@type\":\"EntryPoint\",\"urlTemplate\":\"https:\\\/\\\/cocemfevalencia.org\\\/es\\\/?s={search_term_string}\"},\"query-input\":{\"@type\":\"PropertyValueSpecification\",\"valueRequired\":true,\"valueName\":\"search_term_string\"}}],\"inLanguage\":\"es\"},{\"@type\":\"Organization\",\"@id\":\"https:\\\/\\\/cocemfevalencia.org\\\/es\\\/#organization\",\"name\":\"Cocemfe Valencia\",\"url\":\"https:\\\/\\\/cocemfevalencia.org\\\/es\\\/\",\"logo\":{\"@type\":\"ImageObject\",\"inLanguage\":\"es\",\"@id\":\"https:\\\/\\\/cocemfevalencia.org\\\/es\\\/#\\\/schema\\\/logo\\\/image\\\/\",\"url\":\"https:\\\/\\\/cocemfevalencia.org\\\/wp-content\\\/uploads\\\/2023\\\/03\\\/0312-Horizontal-una-linea-larga-rgb-positivo-Tricolor.png\",\"contentUrl\":\"https:\\\/\\\/cocemfevalencia.org\\\/wp-content\\\/uploads\\\/2023\\\/03\\\/0312-Horizontal-una-linea-larga-rgb-positivo-Tricolor.png\",\"width\":2334,\"height\":613,\"caption\":\"Cocemfe Valencia\"},\"image\":{\"@id\":\"https:\\\/\\\/cocemfevalencia.org\\\/es\\\/#\\\/schema\\\/logo\\\/image\\\/\"},\"sameAs\":[\"https:\\\/\\\/www.facebook.com\\\/cocemfe.valencia\",\"https:\\\/\\\/x.com\\\/COCEMFEValencia\"]}]}<\/script>\n<!-- \/ Yoast SEO plugin. -->","yoast_head_json":{"title":"Pol\u00edtica de Privacidad - Cocemfe Valencia","robots":{"index":"index","follow":"follow","max-snippet":"max-snippet:-1","max-image-preview":"max-image-preview:large","max-video-preview":"max-video-preview:-1"},"canonical":"https:\/\/cocemfevalencia.org\/es\/politica-de-privacidad\/","og_locale":"es_ES","og_type":"article","og_title":"Pol\u00edtica de Privacidad - Cocemfe Valencia","og_description":"Protecci\u00f3 de dades de car\u00e0cter personal segons la LOPDGDD FEDERACION D&#8217;ASSOCIACIONS DE PERSONES AMB DISCAPACITAT FISICA I ORGANICA DE LA PROV\u00cdNCIA DE VAL\u00c8NCIA (d&#8217;ara en avant COCEMFE Val\u00e8ncia), en aplicaci\u00f3 de la normativa vigent en mat\u00e8ria de protecci\u00f3 de dades de car\u00e0cter personal, d&#8217;una banda en el RGPD, (UE) 2016\/679 de 27 d&#8217;abril de 2016&hellip;&nbsp;Leer m\u00e1s &raquo;Pol\u00edtica de Privacidad","og_url":"https:\/\/cocemfevalencia.org\/es\/politica-de-privacidad\/","og_site_name":"Cocemfe Valencia","article_publisher":"https:\/\/www.facebook.com\/cocemfe.valencia","article_modified_time":"2023-03-31T07:48:07+00:00","twitter_card":"summary_large_image","twitter_site":"@COCEMFEValencia","twitter_misc":{"Tiempo de lectura":"9 minutos"},"schema":{"@context":"https:\/\/schema.org","@graph":[{"@type":"WebPage","@id":"https:\/\/cocemfevalencia.org\/es\/politica-de-privacidad\/","url":"https:\/\/cocemfevalencia.org\/es\/politica-de-privacidad\/","name":"Pol\u00edtica de Privacidad - Cocemfe Valencia","isPartOf":{"@id":"https:\/\/cocemfevalencia.org\/es\/#website"},"datePublished":"2018-05-24T21:29:48+00:00","dateModified":"2023-03-31T07:48:07+00:00","breadcrumb":{"@id":"https:\/\/cocemfevalencia.org\/es\/politica-de-privacidad\/#breadcrumb"},"inLanguage":"es","potentialAction":[{"@type":"ReadAction","target":["https:\/\/cocemfevalencia.org\/es\/politica-de-privacidad\/"]}]},{"@type":"BreadcrumbList","@id":"https:\/\/cocemfevalencia.org\/es\/politica-de-privacidad\/#breadcrumb","itemListElement":[{"@type":"ListItem","position":1,"name":"Portada","item":"https:\/\/cocemfevalencia.org\/es\/"},{"@type":"ListItem","position":2,"name":"Pol\u00edtica de Privacidad"}]},{"@type":"WebSite","@id":"https:\/\/cocemfevalencia.org\/es\/#website","url":"https:\/\/cocemfevalencia.org\/es\/","name":"Cocemfe Valencia","description":"FEDERACI\u00d3N DE ASOCIACIONES DE PERSONAS CON DISCAPACIDAD F\u00cdSICA Y ORG\u00c1NICA DE LA PROV\u00cdNCIA DE VALENCIA","publisher":{"@id":"https:\/\/cocemfevalencia.org\/es\/#organization"},"potentialAction":[{"@type":"SearchAction","target":{"@type":"EntryPoint","urlTemplate":"https:\/\/cocemfevalencia.org\/es\/?s={search_term_string}"},"query-input":{"@type":"PropertyValueSpecification","valueRequired":true,"valueName":"search_term_string"}}],"inLanguage":"es"},{"@type":"Organization","@id":"https:\/\/cocemfevalencia.org\/es\/#organization","name":"Cocemfe Valencia","url":"https:\/\/cocemfevalencia.org\/es\/","logo":{"@type":"ImageObject","inLanguage":"es","@id":"https:\/\/cocemfevalencia.org\/es\/#\/schema\/logo\/image\/","url":"https:\/\/cocemfevalencia.org\/wp-content\/uploads\/2023\/03\/0312-Horizontal-una-linea-larga-rgb-positivo-Tricolor.png","contentUrl":"https:\/\/cocemfevalencia.org\/wp-content\/uploads\/2023\/03\/0312-Horizontal-una-linea-larga-rgb-positivo-Tricolor.png","width":2334,"height":613,"caption":"Cocemfe Valencia"},"image":{"@id":"https:\/\/cocemfevalencia.org\/es\/#\/schema\/logo\/image\/"},"sameAs":["https:\/\/www.facebook.com\/cocemfe.valencia","https:\/\/x.com\/COCEMFEValencia"]}]}},"_links":{"self":[{"href":"https:\/\/cocemfevalencia.org\/es\/wp-json\/wp\/v2\/pages\/9787","targetHints":{"allow":["GET"]}}],"collection":[{"href":"https:\/\/cocemfevalencia.org\/es\/wp-json\/wp\/v2\/pages"}],"about":[{"href":"https:\/\/cocemfevalencia.org\/es\/wp-json\/wp\/v2\/types\/page"}],"author":[{"embeddable":true,"href":"https:\/\/cocemfevalencia.org\/es\/wp-json\/wp\/v2\/users\/1"}],"replies":[{"embeddable":true,"href":"https:\/\/cocemfevalencia.org\/es\/wp-json\/wp\/v2\/comments?post=9787"}],"version-history":[{"count":1,"href":"https:\/\/cocemfevalencia.org\/es\/wp-json\/wp\/v2\/pages\/9787\/revisions"}],"predecessor-version":[{"id":9788,"href":"https:\/\/cocemfevalencia.org\/es\/wp-json\/wp\/v2\/pages\/9787\/revisions\/9788"}],"wp:attachment":[{"href":"https:\/\/cocemfevalencia.org\/es\/wp-json\/wp\/v2\/media?parent=9787"}],"wp:term":[{"taxonomy":"category","embeddable":true,"href":"https:\/\/cocemfevalencia.org\/es\/wp-json\/wp\/v2\/categories?post=9787"}],"curies":[{"name":"wp","href":"https:\/\/api.w.org\/{rel}","templated":true}]}}